{"id":541,"date":"2014-02-02T19:34:22","date_gmt":"2014-02-02T18:34:22","guid":{"rendered":"http:\/\/rroms.bassinminier62.org\/site\/?page_id=541"},"modified":"2014-06-18T20:33:22","modified_gmt":"2014-06-18T19:33:22","slug":"le-collectif-fraternite-rroms-bassin-minier-62","status":"publish","type":"page","link":"https:\/\/rroms.bassinminier62.org\/site\/le-collectif-fraternite-rroms-bassin-minier-62\/","title":{"rendered":"Le collectif"},"content":{"rendered":"<h2>Le Collectif Fraternit\u00e9 Rroms bassin minier 62<\/h2>\n<p align=\"JUSTIFY\">Notre collectif s&rsquo;est constitu\u00e9 durant l&rsquo;hiver 2010. Il rassemble des personnes et des associations locales qui se sont \u00e9mues des conditions de vie indignes des familles rroms qui survivent sur notre territoire, dans la plus grande des pr\u00e9carit\u00e9s.<\/p>\n<p align=\"JUSTIFY\">Depuis, nous nous effor\u00e7ons, gr\u00e2ce \u00e0 l&rsquo;aide toujours plus large d&rsquo;habitants et d&rsquo;associations, de leur venir en aide concernant les <strong>besoins vitaux<\/strong> : nourriture, produits d&rsquo;hygi\u00e8ne, sant\u00e9, chauffage, toit.<\/p>\n<p align=\"JUSTIFY\">Nous nous effor\u00e7ons \u00e9galement de les aider dans leurs d\u00e9marches d&rsquo;<strong>acc\u00e8s aux droits<\/strong> : domiciliation, scolarisation des enfants, travail, logement, &#8230;<\/p>\n<p align=\"JUSTIFY\">Nous nous mobilisons \u00e0 leurs c\u00f4t\u00e9s lorsque ces droits sont bafou\u00e9s. Avec l&rsquo;objectif de <strong>\u00ab\u00a0changer la donne\u00a0\u00bb<\/strong> concernant leurs conditions de vie sur notre territoire. Ce territoire revendiqu\u00e9 par ses habitants comme \u00ab\u00a0historiquement\u00a0 terre d&rsquo;accueil\u00a0\u00bb.<\/p>\n<p align=\"JUSTIFY\"><b>Dans nos actions, nous sommes r\u00e9guli\u00e8rement confront\u00e9s \u00e0 une m\u00e9connaissance des Rroms, et de leurs conditions de vie<\/b>. R\u00e9guli\u00e8rement r\u00e9duits \u00e0 \u00ab\u00a0un probl\u00e8me\u00a0\u00bb, ils sont souvent \u00e9voqu\u00e9s globalement, comme une abstraction. Et quand l&rsquo;ignorance domine, les pr\u00e9jug\u00e9s se d\u00e9veloppent.<\/p>\n<p align=\"JUSTIFY\">Il est indispensable de faire conna\u00eetre les Rroms, concr\u00e8tement. Faire d\u00e9couvrir l&rsquo;histoire de leur peuple, et celle, plus proche, des familles qui se sont pos\u00e9es sur notre territoire. Tisser des liens entre eux et nous. Vivre des moments de fraternit\u00e9. <strong>Pointer ce que, au-del\u00e0 de nos diff\u00e9rences, nous avons en commun : notre humanit\u00e9. <\/strong><\/p>\n<p>C&rsquo;est pourquoi, nous nous impliquons dans toute initiative qui contribue \u00e0 faire conna\u00eetre les Rroms : Festival d&rsquo;amiti\u00e9 franco-rrom, interventions dans les \u00e9tablissements scolaires, lors de f\u00eates locales, &#8230;<\/p>\n<p>Vous pouvez nous rejoindre en prenant contact par courriel, en nous accompagnant sur les camps, ou en vous rendant \u00e0 l&rsquo;une de nos r\u00e9unions mensuelles. Elles ont lieu g\u00e9n\u00e9ralement \u00e0 Harnes.<\/p>\n<h4>Contact : fraternite.rroms@free.fr<\/h4>\n<h4 style=\"text-align: left;\">Charte du collectif :<strong> <a href=\"http:\/\/rroms.bassinminier62.org\/site\/wp-content\/uploads\/2014\/02\/CharteFraterniteRroms.pdf\">CharteFraterniteRroms<\/a><br \/>\n<\/strong><\/h4>\n<p>&nbsp;<\/p>\n","protected":false},"excerpt":{"rendered":"<p>Le Collectif Fraternit\u00e9 Rroms bassin minier 62 Notre collectif s&rsquo;est constitu\u00e9 durant l&rsquo;hiver 2010. Il rassemble des personnes et des associations locales qui se sont \u00e9mues des conditions de vie indignes des familles rroms qui survivent sur notre territoire, dans &hellip; <a href=\"https:\/\/rroms.bassinminier62.org\/site\/le-collectif-fraternite-rroms-bassin-minier-62\/\">Continuer la lecture <span class=\"meta-nav\">&rarr;<\/span><\/a><\/p>\n","protected":false},"author":2,"featured_media":0,"parent":0,"menu_order":100,"comment_status":"closed","ping_status":"open","template":"","meta":{"ngg_post_thumbnail":0,"footnotes":""},"class_list":["post-541","page","type-page","status-publish","hentry"],"_links":{"self":[{"href":"https:\/\/rroms.bassinminier62.org\/site\/wp-json\/wp\/v2\/pages\/541","targetHints":{"allow":["GET"]}}],"collection":[{"href":"https:\/\/rroms.bassinminier62.org\/site\/wp-json\/wp\/v2\/pages"}],"about":[{"href":"https:\/\/rroms.bassinminier62.org\/site\/wp-json\/wp\/v2\/types\/page"}],"author":[{"embeddable":true,"href":"https:\/\/rroms.bassinminier62.org\/site\/wp-json\/wp\/v2\/users\/2"}],"replies":[{"embeddable":true,"href":"https:\/\/rroms.bassinminier62.org\/site\/wp-json\/wp\/v2\/comments?post=541"}],"version-history":[{"count":11,"href":"https:\/\/rroms.bassinminier62.org\/site\/wp-json\/wp\/v2\/pages\/541\/revisions"}],"predecessor-version":[{"id":1038,"href":"https:\/\/rroms.bassinminier62.org\/site\/wp-json\/wp\/v2\/pages\/541\/revisions\/1038"}],"wp:attachment":[{"href":"https:\/\/rroms.bassinminier62.org\/site\/wp-json\/wp\/v2\/media?parent=541"}],"curies":[{"name":"wp","href":"https:\/\/api.w.org\/{rel}","templated":true}]}}